{"id":8286,"date":"2023-09-28T09:13:06","date_gmt":"2023-09-28T09:13:06","guid":{"rendered":"https:\/\/casaisabel.upcofly.com\/?page_id=8286"},"modified":"2023-11-06T11:36:02","modified_gmt":"2023-11-06T11:36:02","slug":"blog","status":"publish","type":"page","link":"https:\/\/casaisabel.es\/fr\/blog\/","title":{"rendered":"Blog"},"content":{"rendered":"<div data-elementor-type=\"wp-page\" data-elementor-id=\"8286\" class=\"elementor elementor-8286\">\n\t\t\t\t<div class=\"elementor-element elementor-element-35d164f e-flex e-con-boxed e-con e-parent\" data-id=\"35d164f\" data-element_type=\"container\" data-e-type=\"container\">\n\t\t\t\t\t<div class=\"e-con-inner\">\n\t\t\t\t<div class=\"elementor-element elementor-element-12660b6 uael-post__link-complete-yes uael-equal__height-yes elementor-widget elementor-widget-uael-posts\" data-id=\"12660b6\" data-element_type=\"widget\" data-e-type=\"widget\" data-settings=\"{&quot;classic_slides_to_show&quot;:3,&quot;classic_slides_to_show_tablet&quot;:2,&quot;classic_slides_to_show_mobile&quot;:1,&quot;classic_pagination_type&quot;:&quot;ajax&quot;,&quot;classic_show_filters&quot;:&quot;no&quot;}\" data-widget_type=\"uael-posts.classic\">\n\t\t\t\t<div class=\"elementor-widget-container\">\n\t\t\t\t\t\t\t<div class=\"uael-post__header\">\n\t\t\t\t\t<\/div>\n\t\t<div class=\"uael-post__body\">\n\t\t\t\n\t\t\n\t\t<div class=\"uael-blog-terms-position-above_content uael-post-image-top uael-post-grid uael-posts\" data-query-type=\"custom\" data-structure=\"normal\" data-layout=\"\" data-page=\"8286\" data-skin=\"classic\" data-filter-default=\"\" data-offset-top=\"30\" >\n\n\t\t\t\t\t\t\t<div class=\"uael-post-grid__inner uael-post__columns-3 uael-post__columns-tablet-2 uael-post__columns-mobile-1\">\n\t\t\t\n<div class=\"uael-post-wrapper   d.o.-valencia-y-tipos-vino\">\n\t<div class=\"uael-post__bg-wrap uael-bg-wrap-disabled\">\n\n\t\t\t\t\t<a href=\"https:\/\/casaisabel.es\/fr\/la-clochina-todo-un-manjar-de-la-costa-de-valencia\/\" target=\"_self\" class=\"uael-post__complete-box-overlay\" aria-label=\"Link Complete Box\"><\/a>\n\t\t\t\t\n\t\t<div class=\"uael-post__inner-wrap uael-inner-wrap-disabled\">\n\n\t\t\t\t<div class=\"uael-post__thumbnail\">\n\t\t\t\n\t\t\t<a href=\"https:\/\/casaisabel.es\/fr\/la-clochina-todo-un-manjar-de-la-costa-de-valencia\/\" target=\"_self\" title=\"La cl\u00f3china, todo un manjar de la costa de Valencia\"><img fetchpriority=\"high\" decoding=\"async\" width=\"2560\" height=\"882\" src=\"https:\/\/casaisabel.es\/wp-content\/uploads\/2015\/07\/cisabel_clochina-scaled.jpg\" class=\"attachment-full size-full wp-image-2739\" alt=\"cisabel_clochina\" srcset=\"https:\/\/casaisabel.es\/wp-content\/uploads\/2015\/07\/cisabel_clochina-scaled.jpg 2560w, https:\/\/casaisabel.es\/wp-content\/uploads\/2015\/07\/cisabel_clochina-scaled-600x207.jpg 600w, https:\/\/casaisabel.es\/wp-content\/uploads\/2015\/07\/cisabel_clochina-300x103.jpg 300w, https:\/\/casaisabel.es\/wp-content\/uploads\/2015\/07\/cisabel_clochina-1024x353.jpg 1024w, https:\/\/casaisabel.es\/wp-content\/uploads\/2015\/07\/cisabel_clochina-768x265.jpg 768w, https:\/\/casaisabel.es\/wp-content\/uploads\/2015\/07\/cisabel_clochina-1536x529.jpg 1536w, https:\/\/casaisabel.es\/wp-content\/uploads\/2015\/07\/cisabel_clochina-2048x706.jpg 2048w\" sizes=\"(max-width: 2560px) 100vw, 2560px\" \/><\/a>\n\t\t\t\t\t<\/div>\n\t\t\n\t\t\t\n\t\t\t<div class=\"uael-post__content-wrap uael-content-wrap-disabled\">\n\t\t\t\t\t\t\t<div class=\"uael-post__terms-wrap\"><span class=\"uael-post__terms\"><span class=\"uael-listing__terms-link\">D.O. Valencia y tipos vino<\/span><\/span><\/div>\n\t\t\t\t\t\t<h6 class=\"uael-post__title\">\n\n\t\t\n\t\t\t\t\t\t<a href=\"https:\/\/casaisabel.es\/fr\/la-clochina-todo-un-manjar-de-la-costa-de-valencia\/\" target=\"_self\">\n\t\t\t\tLa cl\u00f3china, todo un manjar de la costa de Valencia\t\t\t<\/a>\n\n\t\t\t\t<\/h6>\n\t\t\n\t\t<div class=\"uael-post__excerpt\">\n\t\t\tLa cl\u00f3china es uno de los productos m\u00e1s distinguidos de la gastronom\u00eda valenciana. Se trata de un peque\u00f1o molusco bivalvo, ...\t\t<\/div>\n\n\t\t\t\t\t<a class=\"uael-post__read-more elementor-button\" href=\"https:\/\/casaisabel.es\/fr\/la-clochina-todo-un-manjar-de-la-costa-de-valencia\/\" target=\"_self\" aria-labelledby=\"uael-post-2738\">\n\t\t\t\t\t<span class=\"elementor-button-content-wrapper\">\n\t\t\t\t\t\t\t\t\t\t\t\t\t\t<span class=\"elementor-button-icon elementor-align-icon-left\">\n\n\t\t\t\t\t\t\t\t\t\n\t\t\t\t\t\t\t\t<\/span>\n\t\t\t\t\t\t\t\t\t\t\t\t\t\n\t\t\t\t\t\t<span class=\"elementor-button-text\" id=\"uael-post-2738\">Ver post<\/span>\n\t\t\t\t\t<\/span>\n\t\t\t\t<\/a>\n\t\t\t\t\t\t<\/div>\n\t\t\t\n\t\t<\/div>\n\t\t\n\t<\/div>\n\n<\/div>\n\n<div class=\"uael-post-wrapper   actualidad-y-eventos\">\n\t<div class=\"uael-post__bg-wrap uael-bg-wrap-disabled\">\n\n\t\t\t\t\t<a href=\"https:\/\/casaisabel.es\/fr\/los-conciertos-de-viveros-feria-de-julio-valencia-2015\/\" target=\"_self\" class=\"uael-post__complete-box-overlay\" aria-label=\"Link Complete Box\"><\/a>\n\t\t\t\t\n\t\t<div class=\"uael-post__inner-wrap uael-inner-wrap-disabled\">\n\n\t\t\t\t<div class=\"uael-post__thumbnail\">\n\t\t\t\n\t\t\t<a href=\"https:\/\/casaisabel.es\/fr\/los-conciertos-de-viveros-feria-de-julio-valencia-2015\/\" target=\"_self\" title=\"Los conciertos de Viveros (Feria de Julio Valencia 2015)\"><img decoding=\"async\" width=\"1280\" height=\"441\" src=\"https:\/\/casaisabel.es\/wp-content\/uploads\/2015\/07\/cisabel_stage.jpg\" class=\"attachment-full size-full wp-image-2732\" alt=\"cisabel_stage\" srcset=\"https:\/\/casaisabel.es\/wp-content\/uploads\/2015\/07\/cisabel_stage.jpg 1280w, https:\/\/casaisabel.es\/wp-content\/uploads\/2015\/07\/cisabel_stage-600x207.jpg 600w, https:\/\/casaisabel.es\/wp-content\/uploads\/2015\/07\/cisabel_stage-300x103.jpg 300w, https:\/\/casaisabel.es\/wp-content\/uploads\/2015\/07\/cisabel_stage-1024x353.jpg 1024w, https:\/\/casaisabel.es\/wp-content\/uploads\/2015\/07\/cisabel_stage-768x265.jpg 768w\" sizes=\"(max-width: 1280px) 100vw, 1280px\" \/><\/a>\n\t\t\t\t\t<\/div>\n\t\t\n\t\t\t\n\t\t\t<div class=\"uael-post__content-wrap uael-content-wrap-disabled\">\n\t\t\t\t\t\t\t<div class=\"uael-post__terms-wrap\"><span class=\"uael-post__terms\"><span class=\"uael-listing__terms-link\">Actualidad y eventos<\/span><\/span><\/div>\n\t\t\t\t\t\t<h6 class=\"uael-post__title\">\n\n\t\t\n\t\t\t\t\t\t<a href=\"https:\/\/casaisabel.es\/fr\/los-conciertos-de-viveros-feria-de-julio-valencia-2015\/\" target=\"_self\">\n\t\t\t\tLos conciertos de Viveros (Feria de Julio Valencia 2015)\t\t\t<\/a>\n\n\t\t\t\t<\/h6>\n\t\t\n\t\t<div class=\"uael-post__excerpt\">\n\t\t\tM\u00fasica y gastronom\u00eda maridan a la perfecci\u00f3n. La Feria de Julio llena Valencia de notas musicales y es posible complementar ...\t\t<\/div>\n\n\t\t\t\t\t<a class=\"uael-post__read-more elementor-button\" href=\"https:\/\/casaisabel.es\/fr\/los-conciertos-de-viveros-feria-de-julio-valencia-2015\/\" target=\"_self\" aria-labelledby=\"uael-post-2731\">\n\t\t\t\t\t<span class=\"elementor-button-content-wrapper\">\n\t\t\t\t\t\t\t\t\t\t\t\t\t\t<span class=\"elementor-button-icon elementor-align-icon-left\">\n\n\t\t\t\t\t\t\t\t\t\n\t\t\t\t\t\t\t\t<\/span>\n\t\t\t\t\t\t\t\t\t\t\t\t\t\n\t\t\t\t\t\t<span class=\"elementor-button-text\" id=\"uael-post-2731\">Ver post<\/span>\n\t\t\t\t\t<\/span>\n\t\t\t\t<\/a>\n\t\t\t\t\t\t<\/div>\n\t\t\t\n\t\t<\/div>\n\t\t\n\t<\/div>\n\n<\/div>\n\n<div class=\"uael-post-wrapper   actualidad-y-eventos\">\n\t<div class=\"uael-post__bg-wrap uael-bg-wrap-disabled\">\n\n\t\t\t\t\t<a href=\"https:\/\/casaisabel.es\/fr\/llega-el-mejor-cine-de-verano-a-valencia\/\" target=\"_self\" class=\"uael-post__complete-box-overlay\" aria-label=\"Link Complete Box\"><\/a>\n\t\t\t\t\n\t\t<div class=\"uael-post__inner-wrap uael-inner-wrap-disabled\">\n\n\t\t\t\t<div class=\"uael-post__thumbnail\">\n\t\t\t\n\t\t\t<a href=\"https:\/\/casaisabel.es\/fr\/llega-el-mejor-cine-de-verano-a-valencia\/\" target=\"_self\" title=\"Llega el mejor cine de verano a Valencia\"><img decoding=\"async\" width=\"1024\" height=\"354\" src=\"https:\/\/casaisabel.es\/wp-content\/uploads\/2015\/07\/cisabel_cine.jpg\" class=\"attachment-full size-full wp-image-2726\" alt=\"cisabel_cine\" srcset=\"https:\/\/casaisabel.es\/wp-content\/uploads\/2015\/07\/cisabel_cine.jpg 1024w, https:\/\/casaisabel.es\/wp-content\/uploads\/2015\/07\/cisabel_cine-600x207.jpg 600w, https:\/\/casaisabel.es\/wp-content\/uploads\/2015\/07\/cisabel_cine-300x104.jpg 300w, https:\/\/casaisabel.es\/wp-content\/uploads\/2015\/07\/cisabel_cine-768x266.jpg 768w\" sizes=\"(max-width: 1024px) 100vw, 1024px\" \/><\/a>\n\t\t\t\t\t<\/div>\n\t\t\n\t\t\t\n\t\t\t<div class=\"uael-post__content-wrap uael-content-wrap-disabled\">\n\t\t\t\t\t\t\t<div class=\"uael-post__terms-wrap\"><span class=\"uael-post__terms\"><span class=\"uael-listing__terms-link\">Actualidad y eventos<\/span><\/span><\/div>\n\t\t\t\t\t\t<h6 class=\"uael-post__title\">\n\n\t\t\n\t\t\t\t\t\t<a href=\"https:\/\/casaisabel.es\/fr\/llega-el-mejor-cine-de-verano-a-valencia\/\" target=\"_self\">\n\t\t\t\tLlega el mejor cine de verano a Valencia\t\t\t<\/a>\n\n\t\t\t\t<\/h6>\n\t\t\n\t\t<div class=\"uael-post__excerpt\">\n\t\t\tEl mejor cine\u00a0de verano llega a Valencia, en un sinf\u00edn de pantallas: desde autocines y terrazas hasta salas especializadas y ...\t\t<\/div>\n\n\t\t\t\t\t<a class=\"uael-post__read-more elementor-button\" href=\"https:\/\/casaisabel.es\/fr\/llega-el-mejor-cine-de-verano-a-valencia\/\" target=\"_self\" aria-labelledby=\"uael-post-2725\">\n\t\t\t\t\t<span class=\"elementor-button-content-wrapper\">\n\t\t\t\t\t\t\t\t\t\t\t\t\t\t<span class=\"elementor-button-icon elementor-align-icon-left\">\n\n\t\t\t\t\t\t\t\t\t\n\t\t\t\t\t\t\t\t<\/span>\n\t\t\t\t\t\t\t\t\t\t\t\t\t\n\t\t\t\t\t\t<span class=\"elementor-button-text\" id=\"uael-post-2725\">Ver post<\/span>\n\t\t\t\t\t<\/span>\n\t\t\t\t<\/a>\n\t\t\t\t\t\t<\/div>\n\t\t\t\n\t\t<\/div>\n\t\t\n\t<\/div>\n\n<\/div>\n\n<div class=\"uael-post-wrapper   actualidad-y-eventos\">\n\t<div class=\"uael-post__bg-wrap uael-bg-wrap-disabled\">\n\n\t\t\t\t\t<a href=\"https:\/\/casaisabel.es\/fr\/playa-de-la-malvarrosa-excelencia-en-estado-puro\/\" target=\"_self\" class=\"uael-post__complete-box-overlay\" aria-label=\"Link Complete Box\"><\/a>\n\t\t\t\t\n\t\t<div class=\"uael-post__inner-wrap uael-inner-wrap-disabled\">\n\n\t\t\t\t<div class=\"uael-post__thumbnail\">\n\t\t\t\n\t\t\t<a href=\"https:\/\/casaisabel.es\/fr\/playa-de-la-malvarrosa-excelencia-en-estado-puro\/\" target=\"_self\" title=\"Playa de la Malvarrosa, excelencia en estado puro\"><img loading=\"lazy\" decoding=\"async\" width=\"2560\" height=\"882\" src=\"https:\/\/casaisabel.es\/wp-content\/uploads\/2015\/06\/cisabel_malva-scaled.jpg\" class=\"attachment-full size-full wp-image-2696\" alt=\"cisabel_malva\" srcset=\"https:\/\/casaisabel.es\/wp-content\/uploads\/2015\/06\/cisabel_malva-scaled.jpg 2560w, https:\/\/casaisabel.es\/wp-content\/uploads\/2015\/06\/cisabel_malva-scaled-600x207.jpg 600w, https:\/\/casaisabel.es\/wp-content\/uploads\/2015\/06\/cisabel_malva-300x103.jpg 300w, https:\/\/casaisabel.es\/wp-content\/uploads\/2015\/06\/cisabel_malva-1024x353.jpg 1024w, https:\/\/casaisabel.es\/wp-content\/uploads\/2015\/06\/cisabel_malva-768x265.jpg 768w, https:\/\/casaisabel.es\/wp-content\/uploads\/2015\/06\/cisabel_malva-1536x529.jpg 1536w, https:\/\/casaisabel.es\/wp-content\/uploads\/2015\/06\/cisabel_malva-2048x706.jpg 2048w\" sizes=\"(max-width: 2560px) 100vw, 2560px\" \/><\/a>\n\t\t\t\t\t<\/div>\n\t\t\n\t\t\t\n\t\t\t<div class=\"uael-post__content-wrap uael-content-wrap-disabled\">\n\t\t\t\t\t\t\t<div class=\"uael-post__terms-wrap\"><span class=\"uael-post__terms\"><span class=\"uael-listing__terms-link\">Actualidad y eventos<\/span><\/span><\/div>\n\t\t\t\t\t\t<h6 class=\"uael-post__title\">\n\n\t\t\n\t\t\t\t\t\t<a href=\"https:\/\/casaisabel.es\/fr\/playa-de-la-malvarrosa-excelencia-en-estado-puro\/\" target=\"_self\">\n\t\t\t\tPlaya de la Malvarrosa, excelencia en estado puro\t\t\t<\/a>\n\n\t\t\t\t<\/h6>\n\t\t\n\t\t<div class=\"uael-post__excerpt\">\n\t\t\tLuce el sol en la ciudad de Valencia, un lugar privilegiado en el Mediterr\u00e1neo conocido por su esplendida playa y ...\t\t<\/div>\n\n\t\t\t\t\t<a class=\"uael-post__read-more elementor-button\" href=\"https:\/\/casaisabel.es\/fr\/playa-de-la-malvarrosa-excelencia-en-estado-puro\/\" target=\"_self\" aria-labelledby=\"uael-post-2695\">\n\t\t\t\t\t<span class=\"elementor-button-content-wrapper\">\n\t\t\t\t\t\t\t\t\t\t\t\t\t\t<span class=\"elementor-button-icon elementor-align-icon-left\">\n\n\t\t\t\t\t\t\t\t\t\n\t\t\t\t\t\t\t\t<\/span>\n\t\t\t\t\t\t\t\t\t\t\t\t\t\n\t\t\t\t\t\t<span class=\"elementor-button-text\" id=\"uael-post-2695\">Ver post<\/span>\n\t\t\t\t\t<\/span>\n\t\t\t\t<\/a>\n\t\t\t\t\t\t<\/div>\n\t\t\t\n\t\t<\/div>\n\t\t\n\t<\/div>\n\n<\/div>\n\n<div class=\"uael-post-wrapper   gastronom\u00eda\">\n\t<div class=\"uael-post__bg-wrap uael-bg-wrap-disabled\">\n\n\t\t\t\t\t<a href=\"https:\/\/casaisabel.es\/fr\/agua-de-valencia-un-coctel-delicioso-y-refrescante\/\" target=\"_self\" class=\"uael-post__complete-box-overlay\" aria-label=\"Link Complete Box\"><\/a>\n\t\t\t\t\n\t\t<div class=\"uael-post__inner-wrap uael-inner-wrap-disabled\">\n\n\t\t\t\t<div class=\"uael-post__thumbnail\">\n\t\t\t\n\t\t\t<a href=\"https:\/\/casaisabel.es\/fr\/agua-de-valencia-un-coctel-delicioso-y-refrescante\/\" target=\"_self\" title=\"Agua de Valencia, un c\u00f3ctel delicioso y refrescante\"><img loading=\"lazy\" decoding=\"async\" width=\"629\" height=\"217\" src=\"https:\/\/casaisabel.es\/wp-content\/uploads\/2015\/06\/cisabel_agua.jpg\" class=\"attachment-full size-full wp-image-2690\" alt=\"cisabel_agua\" srcset=\"https:\/\/casaisabel.es\/wp-content\/uploads\/2015\/06\/cisabel_agua.jpg 629w, https:\/\/casaisabel.es\/wp-content\/uploads\/2015\/06\/cisabel_agua-600x207.jpg 600w, https:\/\/casaisabel.es\/wp-content\/uploads\/2015\/06\/cisabel_agua-300x103.jpg 300w\" sizes=\"(max-width: 629px) 100vw, 629px\" \/><\/a>\n\t\t\t\t\t<\/div>\n\t\t\n\t\t\t\n\t\t\t<div class=\"uael-post__content-wrap uael-content-wrap-disabled\">\n\t\t\t\t\t\t\t<div class=\"uael-post__terms-wrap\"><span class=\"uael-post__terms\"><span class=\"uael-listing__terms-link\">Gastronom\u00eda<\/span><\/span><\/div>\n\t\t\t\t\t\t<h6 class=\"uael-post__title\">\n\n\t\t\n\t\t\t\t\t\t<a href=\"https:\/\/casaisabel.es\/fr\/agua-de-valencia-un-coctel-delicioso-y-refrescante\/\" target=\"_self\">\n\t\t\t\tAgua de Valencia, un c\u00f3ctel delicioso y refrescante\t\t\t<\/a>\n\n\t\t\t\t<\/h6>\n\t\t\n\t\t<div class=\"uael-post__excerpt\">\n\t\t\tLlega el verano y con \u00e9l los c\u00e1lidos d\u00edas de sol y playa, momentos ideales para desconectar de las obligaciones ...\t\t<\/div>\n\n\t\t\t\t\t<a class=\"uael-post__read-more elementor-button\" href=\"https:\/\/casaisabel.es\/fr\/agua-de-valencia-un-coctel-delicioso-y-refrescante\/\" target=\"_self\" aria-labelledby=\"uael-post-2689\">\n\t\t\t\t\t<span class=\"elementor-button-content-wrapper\">\n\t\t\t\t\t\t\t\t\t\t\t\t\t\t<span class=\"elementor-button-icon elementor-align-icon-left\">\n\n\t\t\t\t\t\t\t\t\t\n\t\t\t\t\t\t\t\t<\/span>\n\t\t\t\t\t\t\t\t\t\t\t\t\t\n\t\t\t\t\t\t<span class=\"elementor-button-text\" id=\"uael-post-2689\">Ver post<\/span>\n\t\t\t\t\t<\/span>\n\t\t\t\t<\/a>\n\t\t\t\t\t\t<\/div>\n\t\t\t\n\t\t<\/div>\n\t\t\n\t<\/div>\n\n<\/div>\n\n<div class=\"uael-post-wrapper   d.o.-valencia-y-tipos-vino\">\n\t<div class=\"uael-post__bg-wrap uael-bg-wrap-disabled\">\n\n\t\t\t\t\t<a href=\"https:\/\/casaisabel.es\/fr\/el-tomate-valenciano-una-joya-gastronomica-mediterranea\/\" target=\"_self\" class=\"uael-post__complete-box-overlay\" aria-label=\"Link Complete Box\"><\/a>\n\t\t\t\t\n\t\t<div class=\"uael-post__inner-wrap uael-inner-wrap-disabled\">\n\n\t\t\t\t<div class=\"uael-post__thumbnail\">\n\t\t\t\n\t\t\t<a href=\"https:\/\/casaisabel.es\/fr\/el-tomate-valenciano-una-joya-gastronomica-mediterranea\/\" target=\"_self\" title=\"El tomate valenciano, una joya gastron\u00f3mica mediterr\u00e1nea\"><img loading=\"lazy\" decoding=\"async\" width=\"2560\" height=\"883\" src=\"https:\/\/casaisabel.es\/wp-content\/uploads\/2015\/06\/cisabel_tomate-scaled.jpg\" class=\"attachment-full size-full wp-image-2685\" alt=\"cisabel_tomate\" srcset=\"https:\/\/casaisabel.es\/wp-content\/uploads\/2015\/06\/cisabel_tomate-scaled.jpg 2560w, https:\/\/casaisabel.es\/wp-content\/uploads\/2015\/06\/cisabel_tomate-scaled-600x207.jpg 600w, https:\/\/casaisabel.es\/wp-content\/uploads\/2015\/06\/cisabel_tomate-300x103.jpg 300w, https:\/\/casaisabel.es\/wp-content\/uploads\/2015\/06\/cisabel_tomate-1024x353.jpg 1024w, https:\/\/casaisabel.es\/wp-content\/uploads\/2015\/06\/cisabel_tomate-768x265.jpg 768w, https:\/\/casaisabel.es\/wp-content\/uploads\/2015\/06\/cisabel_tomate-1536x530.jpg 1536w, https:\/\/casaisabel.es\/wp-content\/uploads\/2015\/06\/cisabel_tomate-2048x706.jpg 2048w\" sizes=\"(max-width: 2560px) 100vw, 2560px\" \/><\/a>\n\t\t\t\t\t<\/div>\n\t\t\n\t\t\t\n\t\t\t<div class=\"uael-post__content-wrap uael-content-wrap-disabled\">\n\t\t\t\t\t\t\t<div class=\"uael-post__terms-wrap\"><span class=\"uael-post__terms\"><span class=\"uael-listing__terms-link\">D.O. Valencia y tipos vino<\/span><\/span><\/div>\n\t\t\t\t\t\t<h6 class=\"uael-post__title\">\n\n\t\t\n\t\t\t\t\t\t<a href=\"https:\/\/casaisabel.es\/fr\/el-tomate-valenciano-una-joya-gastronomica-mediterranea\/\" target=\"_self\">\n\t\t\t\tEl tomate valenciano, una joya gastron\u00f3mica mediterr\u00e1nea\t\t\t<\/a>\n\n\t\t\t\t<\/h6>\n\t\t\n\t\t<div class=\"uael-post__excerpt\">\n\t\t\tLa gastronom\u00eda de Valencia puede presumir de ser una de las m\u00e1s ricas de Espa\u00f1a. Dentro de la Comunidad, existen ...\t\t<\/div>\n\n\t\t\t\t\t<a class=\"uael-post__read-more elementor-button\" href=\"https:\/\/casaisabel.es\/fr\/el-tomate-valenciano-una-joya-gastronomica-mediterranea\/\" target=\"_self\" aria-labelledby=\"uael-post-2684\">\n\t\t\t\t\t<span class=\"elementor-button-content-wrapper\">\n\t\t\t\t\t\t\t\t\t\t\t\t\t\t<span class=\"elementor-button-icon elementor-align-icon-left\">\n\n\t\t\t\t\t\t\t\t\t\n\t\t\t\t\t\t\t\t<\/span>\n\t\t\t\t\t\t\t\t\t\t\t\t\t\n\t\t\t\t\t\t<span class=\"elementor-button-text\" id=\"uael-post-2684\">Ver post<\/span>\n\t\t\t\t\t<\/span>\n\t\t\t\t<\/a>\n\t\t\t\t\t\t<\/div>\n\t\t\t\n\t\t<\/div>\n\t\t\n\t<\/div>\n\n<\/div>\n\t\t\t\t<\/div>\n\t\t\t\t\t\t\n\t\t<\/div>\n\n\t\t\t\t\t\t<\/div>\n\t\t<div class=\"uael-post__footer\">\n\t\t\t\t\t\t<nav class=\"uael-grid-pagination\"  role=\"navigation\" aria-label=\"Pagination\" data-total=\"67\" data-next-page=\"2\">\n\t\t\t\t<span aria-current=\"page\" class=\"page-numbers current\">1<\/span>\n<a class=\"page-numbers\" href=\"https:\/\/casaisabel.es\/wp-json\/wp\/v2\/pages\/8286\/page\/2\/\">2<\/a>\n<a class=\"page-numbers\" href=\"https:\/\/casaisabel.es\/wp-json\/wp\/v2\/pages\/8286\/page\/3\/\">3<\/a>\n<span class=\"page-numbers dots\">\u2026<\/span>\n<a class=\"page-numbers\" href=\"https:\/\/casaisabel.es\/wp-json\/wp\/v2\/pages\/8286\/page\/67\/\">67<\/a>\n<a class=\"next page-numbers\" href=\"https:\/\/casaisabel.es\/wp-json\/wp\/v2\/pages\/8286\/page\/2\/\">Suivant\u00a0\u00bb<\/a>\t\t\t<\/nav>\n\t\t\t\t\t<\/div>\n\t\t\t\t\t\t<\/div>\n\t\t\t\t<\/div>\n\t\t\t\t\t<\/div>\n\t\t\t\t<\/div>\n\t\t\t\t<\/div>","protected":false},"excerpt":{"rendered":"<p>Gastronom\u00eda La horchata de chufa, una de las delicias de Valencia Valencia sabe a horchata de chufa. En cualquier arrocer\u00eda de la playa o restaurante de la Malvarrosa donde comer una Ver post Gastronom\u00eda Arnad\u00ed, el dulce del pasado \u00e1rabe de Valencia El pasado \u00e1rabe de Valencia se hace notar en su rica gastronom\u00eda. Desde [&hellip;]<\/p>","protected":false},"author":2,"featured_media":0,"parent":0,"menu_order":0,"comment_status":"closed","ping_status":"closed","template":"","meta":{"site-sidebar-layout":"no-sidebar","site-content-layout":"page-builder","ast-site-content-layout":"full-width-container","site-content-style":"default","site-sidebar-style":"default","ast-global-header-display":"","ast-banner-title-visibility":"","ast-main-header-display":"","ast-hfb-above-header-display":"","ast-hfb-below-header-display":"","ast-hfb-mobile-header-display":"","site-post-title":"disabled","ast-breadcrumbs-content":"","ast-featured-img":"disabled","footer-sml-layout":"","theme-transparent-header-meta":"","adv-header-id-meta":"","stick-header-meta":"","header-above-stick-meta":"","header-main-stick-meta":"","header-below-stick-meta":"","astra-migrate-meta-layouts":"set","ast-page-background-enabled":"default","ast-page-background-meta":{"desktop":{"background-color":"var(--ast-global-color-4)","background-image":"","background-repeat":"repeat","background-position":"center center","background-size":"auto","background-attachment":"scroll","background-type":"","background-media":"","overlay-type":"","overlay-color":"","overlay-opacity":"","overlay-gradient":""},"tablet":{"background-color":"","background-image":"","background-repeat":"repeat","background-position":"center center","background-size":"auto","background-attachment":"scroll","background-type":"","background-media":"","overlay-type":"","overlay-color":"","overlay-opacity":"","overlay-gradient":""},"mobile":{"background-color":"","background-image":"","background-repeat":"repeat","background-position":"center center","background-size":"auto","background-attachment":"scroll","background-type":"","background-media":"","overlay-type":"","overlay-color":"","overlay-opacity":"","overlay-gradient":""}},"ast-content-background-meta":{"desktop":{"background-color":"var(--ast-global-color-5)","background-image":"","background-repeat":"repeat","background-position":"center center","background-size":"auto","background-attachment":"scroll","background-type":"","background-media":"","overlay-type":"","overlay-color":"","overlay-opacity":"","overlay-gradient":""},"tablet":{"background-color":"var(--ast-global-color-5)","background-image":"","background-repeat":"repeat","background-position":"center center","background-size":"auto","background-attachment":"scroll","background-type":"","background-media":"","overlay-type":"","overlay-color":"","overlay-opacity":"","overlay-gradient":""},"mobile":{"background-color":"var(--ast-global-color-5)","background-image":"","background-repeat":"repeat","background-position":"center center","background-size":"auto","background-attachment":"scroll","background-type":"","background-media":"","overlay-type":"","overlay-color":"","overlay-opacity":"","overlay-gradient":""}},"footnotes":""},"class_list":["post-8286","page","type-page","status-publish","hentry"],"yoast_head":"<!-- This site is optimized with the Yoast SEO plugin v25.6 - https:\/\/yoast.com\/wordpress\/plugins\/seo\/ -->\n<title>Blog - Restaurante Casa Isabel<\/title>\n<meta name=\"description\" content=\"En nuestro blog encontrar\u00e1s las \u00faltimas novedades de nuestro restaurante, recetas gastron\u00f3micas y recomendaciones de la playa de la Malvarrosa.\" \/>\n<meta name=\"robots\" content=\"index, follow, max-snippet:-1, max-image-preview:large, max-video-preview:-1\" \/>\n<link rel=\"canonical\" href=\"https:\/\/casaisabel.es\/fr\/blog\/\" \/>\n<meta property=\"og:locale\" content=\"fr_FR\" \/>\n<meta property=\"og:type\" content=\"article\" \/>\n<meta property=\"og:title\" content=\"Blog - Restaurante Casa Isabel\" \/>\n<meta property=\"og:description\" content=\"En nuestro blog encontrar\u00e1s las \u00faltimas novedades de nuestro restaurante, recetas gastron\u00f3micas y recomendaciones de la playa de la Malvarrosa.\" \/>\n<meta property=\"og:url\" content=\"https:\/\/casaisabel.es\/fr\/blog\/\" \/>\n<meta property=\"og:site_name\" content=\"Casa Isabel\" \/>\n<meta property=\"article:modified_time\" content=\"2023-11-06T11:36:02+00:00\" \/>\n<meta property=\"og:image\" content=\"https:\/\/casaisabel.es\/wp-content\/uploads\/2014\/10\/HorchataChufa-e1413273989903.png\" \/>\n<meta name=\"twitter:card\" content=\"summary_large_image\" \/>\n<meta name=\"twitter:label1\" content=\"Dur\u00e9e de lecture estim\u00e9e\" \/>\n\t<meta name=\"twitter:data1\" content=\"3 minutes\" \/>\n<script type=\"application\/ld+json\" class=\"yoast-schema-graph\">{\"@context\":\"https:\/\/schema.org\",\"@graph\":[{\"@type\":\"WebPage\",\"@id\":\"https:\/\/casaisabel.es\/blog\/\",\"url\":\"https:\/\/casaisabel.es\/blog\/\",\"name\":\"Blog - Restaurante Casa Isabel\",\"isPartOf\":{\"@id\":\"https:\/\/casaisabel.es\/#website\"},\"primaryImageOfPage\":{\"@id\":\"https:\/\/casaisabel.es\/blog\/#primaryimage\"},\"image\":{\"@id\":\"https:\/\/casaisabel.es\/blog\/#primaryimage\"},\"thumbnailUrl\":\"https:\/\/casaisabel.es\/wp-content\/uploads\/2014\/10\/HorchataChufa-e1413273989903.png\",\"datePublished\":\"2023-09-28T09:13:06+00:00\",\"dateModified\":\"2023-11-06T11:36:02+00:00\",\"description\":\"En nuestro blog encontrar\u00e1s las \u00faltimas novedades de nuestro restaurante, recetas gastron\u00f3micas y recomendaciones de la playa de la Malvarrosa.\",\"breadcrumb\":{\"@id\":\"https:\/\/casaisabel.es\/blog\/#breadcrumb\"},\"inLanguage\":\"fr-FR\",\"potentialAction\":[{\"@type\":\"ReadAction\",\"target\":[\"https:\/\/casaisabel.es\/blog\/\"]}]},{\"@type\":\"ImageObject\",\"inLanguage\":\"fr-FR\",\"@id\":\"https:\/\/casaisabel.es\/blog\/#primaryimage\",\"url\":\"https:\/\/casaisabel.es\/wp-content\/uploads\/2014\/10\/HorchataChufa-e1413273989903.png\",\"contentUrl\":\"https:\/\/casaisabel.es\/wp-content\/uploads\/2014\/10\/HorchataChufa-e1413273989903.png\"},{\"@type\":\"BreadcrumbList\",\"@id\":\"https:\/\/casaisabel.es\/blog\/#breadcrumb\",\"itemListElement\":[{\"@type\":\"ListItem\",\"position\":1,\"name\":\"Portada\",\"item\":\"https:\/\/casaisabel.es\/\"},{\"@type\":\"ListItem\",\"position\":2,\"name\":\"Blog\"}]},{\"@type\":\"WebSite\",\"@id\":\"https:\/\/casaisabel.es\/#website\",\"url\":\"https:\/\/casaisabel.es\/\",\"name\":\"Casa Isabel\",\"description\":\"S\u00f3lo otro sitio de WordPress\",\"publisher\":{\"@id\":\"https:\/\/casaisabel.es\/#organization\"},\"potentialAction\":[{\"@type\":\"SearchAction\",\"target\":{\"@type\":\"EntryPoint\",\"urlTemplate\":\"https:\/\/casaisabel.es\/?s={search_term_string}\"},\"query-input\":{\"@type\":\"PropertyValueSpecification\",\"valueRequired\":true,\"valueName\":\"search_term_string\"}}],\"inLanguage\":\"fr-FR\"},{\"@type\":\"Organization\",\"@id\":\"https:\/\/casaisabel.es\/#organization\",\"name\":\"Casa Isabel\",\"url\":\"https:\/\/casaisabel.es\/\",\"logo\":{\"@type\":\"ImageObject\",\"inLanguage\":\"fr-FR\",\"@id\":\"https:\/\/casaisabel.es\/#\/schema\/logo\/image\/\",\"url\":\"https:\/\/casaisabel.es\/wp-content\/uploads\/2023\/09\/casaIsabel.svg\",\"contentUrl\":\"https:\/\/casaisabel.es\/wp-content\/uploads\/2023\/09\/casaIsabel.svg\",\"width\":211,\"height\":49,\"caption\":\"Casa Isabel\"},\"image\":{\"@id\":\"https:\/\/casaisabel.es\/#\/schema\/logo\/image\/\"}}]}<\/script>\n<!-- \/ Yoast SEO plugin. -->","yoast_head_json":{"title":"Blog - Restaurante Casa Isabel","description":"En nuestro blog encontrar\u00e1s las \u00faltimas novedades de nuestro restaurante, recetas gastron\u00f3micas y recomendaciones de la playa de la Malvarrosa.","robots":{"index":"index","follow":"follow","max-snippet":"max-snippet:-1","max-image-preview":"max-image-preview:large","max-video-preview":"max-video-preview:-1"},"canonical":"https:\/\/casaisabel.es\/fr\/blog\/","og_locale":"fr_FR","og_type":"article","og_title":"Blog - Restaurante Casa Isabel","og_description":"En nuestro blog encontrar\u00e1s las \u00faltimas novedades de nuestro restaurante, recetas gastron\u00f3micas y recomendaciones de la playa de la Malvarrosa.","og_url":"https:\/\/casaisabel.es\/fr\/blog\/","og_site_name":"Casa Isabel","article_modified_time":"2023-11-06T11:36:02+00:00","og_image":[{"url":"https:\/\/casaisabel.es\/wp-content\/uploads\/2014\/10\/HorchataChufa-e1413273989903.png","type":"","width":"","height":""}],"twitter_card":"summary_large_image","twitter_misc":{"Dur\u00e9e de lecture estim\u00e9e":"3 minutes"},"schema":{"@context":"https:\/\/schema.org","@graph":[{"@type":"WebPage","@id":"https:\/\/casaisabel.es\/blog\/","url":"https:\/\/casaisabel.es\/blog\/","name":"Blog - Restaurante Casa Isabel","isPartOf":{"@id":"https:\/\/casaisabel.es\/#website"},"primaryImageOfPage":{"@id":"https:\/\/casaisabel.es\/blog\/#primaryimage"},"image":{"@id":"https:\/\/casaisabel.es\/blog\/#primaryimage"},"thumbnailUrl":"https:\/\/casaisabel.es\/wp-content\/uploads\/2014\/10\/HorchataChufa-e1413273989903.png","datePublished":"2023-09-28T09:13:06+00:00","dateModified":"2023-11-06T11:36:02+00:00","description":"En nuestro blog encontrar\u00e1s las \u00faltimas novedades de nuestro restaurante, recetas gastron\u00f3micas y recomendaciones de la playa de la Malvarrosa.","breadcrumb":{"@id":"https:\/\/casaisabel.es\/blog\/#breadcrumb"},"inLanguage":"fr-FR","potentialAction":[{"@type":"ReadAction","target":["https:\/\/casaisabel.es\/blog\/"]}]},{"@type":"ImageObject","inLanguage":"fr-FR","@id":"https:\/\/casaisabel.es\/blog\/#primaryimage","url":"https:\/\/casaisabel.es\/wp-content\/uploads\/2014\/10\/HorchataChufa-e1413273989903.png","contentUrl":"https:\/\/casaisabel.es\/wp-content\/uploads\/2014\/10\/HorchataChufa-e1413273989903.png"},{"@type":"BreadcrumbList","@id":"https:\/\/casaisabel.es\/blog\/#breadcrumb","itemListElement":[{"@type":"ListItem","position":1,"name":"Portada","item":"https:\/\/casaisabel.es\/"},{"@type":"ListItem","position":2,"name":"Blog"}]},{"@type":"WebSite","@id":"https:\/\/casaisabel.es\/#website","url":"https:\/\/casaisabel.es\/","name":"Casa Isabel","description":"S\u00f3lo otro sitio de WordPress","publisher":{"@id":"https:\/\/casaisabel.es\/#organization"},"potentialAction":[{"@type":"SearchAction","target":{"@type":"EntryPoint","urlTemplate":"https:\/\/casaisabel.es\/?s={search_term_string}"},"query-input":{"@type":"PropertyValueSpecification","valueRequired":true,"valueName":"search_term_string"}}],"inLanguage":"fr-FR"},{"@type":"Organization","@id":"https:\/\/casaisabel.es\/#organization","name":"Casa Isabel","url":"https:\/\/casaisabel.es\/","logo":{"@type":"ImageObject","inLanguage":"fr-FR","@id":"https:\/\/casaisabel.es\/#\/schema\/logo\/image\/","url":"https:\/\/casaisabel.es\/wp-content\/uploads\/2023\/09\/casaIsabel.svg","contentUrl":"https:\/\/casaisabel.es\/wp-content\/uploads\/2023\/09\/casaIsabel.svg","width":211,"height":49,"caption":"Casa Isabel"},"image":{"@id":"https:\/\/casaisabel.es\/#\/schema\/logo\/image\/"}}]}},"_links":{"self":[{"href":"https:\/\/casaisabel.es\/fr\/wp-json\/wp\/v2\/pages\/8286","targetHints":{"allow":["GET"]}}],"collection":[{"href":"https:\/\/casaisabel.es\/fr\/wp-json\/wp\/v2\/pages"}],"about":[{"href":"https:\/\/casaisabel.es\/fr\/wp-json\/wp\/v2\/types\/page"}],"author":[{"embeddable":true,"href":"https:\/\/casaisabel.es\/fr\/wp-json\/wp\/v2\/users\/2"}],"replies":[{"embeddable":true,"href":"https:\/\/casaisabel.es\/fr\/wp-json\/wp\/v2\/comments?post=8286"}],"version-history":[{"count":0,"href":"https:\/\/casaisabel.es\/fr\/wp-json\/wp\/v2\/pages\/8286\/revisions"}],"wp:attachment":[{"href":"https:\/\/casaisabel.es\/fr\/wp-json\/wp\/v2\/media?parent=8286"}],"curies":[{"name":"wp","href":"https:\/\/api.w.org\/{rel}","templated":true}]}}