{"id":8273,"date":"2023-09-28T09:08:47","date_gmt":"2023-09-28T09:08:47","guid":{"rendered":"https:\/\/casaisabel.upcofly.com\/?page_id=8273"},"modified":"2023-11-16T23:58:28","modified_gmt":"2023-11-16T23:58:28","slug":"repas-entreprise-valence","status":"publish","type":"page","link":"https:\/\/casaisabel.es\/fr\/repas-entreprise-valence\/","title":{"rendered":"Comidas Empresa"},"content":{"rendered":"<div data-elementor-type=\"wp-page\" data-elementor-id=\"8273\" class=\"elementor elementor-8273\">\n\t\t\t\t\t\t<section class=\"elementor-section elementor-top-section elementor-element elementor-element-7b081e06 elementor-section-full_width elementor-section-height-default elementor-section-height-default\" data-id=\"7b081e06\" data-element_type=\"section\" data-e-type=\"section\" data-settings=\"{&quot;background_background&quot;:&quot;classic&quot;}\">\n\t\t\t\t\t\t<div class=\"elementor-container elementor-column-gap-no\">\n\t\t\t\t\t<div class=\"elementor-column elementor-col-50 elementor-top-column elementor-element elementor-element-7ce45828\" data-id=\"7ce45828\" data-element_type=\"column\" data-e-type=\"column\" data-settings=\"{&quot;background_background&quot;:&quot;classic&quot;}\">\n\t\t\t<div class=\"elementor-widget-wrap elementor-element-populated\">\n\t\t\t\t\t\t<div class=\"elementor-element elementor-element-75a5e926 elementor-widget elementor-widget-heading\" data-id=\"75a5e926\" data-element_type=\"widget\" data-e-type=\"widget\" data-widget_type=\"heading.default\">\n\t\t\t\t<div class=\"elementor-widget-container\">\n\t\t\t\t\t<h1 class=\"elementor-heading-title elementor-size-default\">Repas d'entreprise <br>\u00e0 Valence<\/h1>\t\t\t\t<\/div>\n\t\t\t\t<\/div>\n\t\t\t\t<div class=\"elementor-element elementor-element-240ebe56 elementor-widget elementor-widget-heading\" data-id=\"240ebe56\" data-element_type=\"widget\" data-e-type=\"widget\" data-widget_type=\"heading.default\">\n\t\t\t\t<div class=\"elementor-widget-container\">\n\t\t\t\t\t<p class=\"elementor-heading-title elementor-size-default\">Profitez d'une exp\u00e9rience inoubliable.<\/p>\t\t\t\t<\/div>\n\t\t\t\t<\/div>\n\t\t\t\t<div class=\"elementor-element elementor-element-77869c16 elementor-widget elementor-widget-text-editor\" data-id=\"77869c16\" data-element_type=\"widget\" data-e-type=\"widget\" data-widget_type=\"text-editor.default\">\n\t\t\t\t<div class=\"elementor-widget-container\">\n\t\t\t\t\t\t\t\t\t<p>Si vous envisagez d'organiser un d\u00e9jeuner d'affaires \u00e0 Valence, vous constaterez que le restaurant Casa Isabel est l'endroit id\u00e9al pour organiser l'\u00e9v\u00e9nement. La nourriture, l'ambiance, l'emplacement, le service, tout, absolument tout, contribuera \u00e0 faire de la r\u00e9union un succ\u00e8s.<\/p><p>Tout d'abord, nous proposons une grande vari\u00e9t\u00e9 de menus parmi lesquels vous pourrez choisir. Chaque menu a \u00e9t\u00e9 sp\u00e9cialement con\u00e7u en pensant \u00e0 un type de c\u00e9l\u00e9bration particulier : des \u00e9v\u00e9nements familiaux o\u00f9 la vari\u00e9t\u00e9 du menu sera essentielle pour plaire \u00e0 tous les convives ; des r\u00e9unions de groupes o\u00f9 un pr\u00e9avis de 4 heures suffit pour que nous ayons tout pr\u00eat ; des c\u00e9l\u00e9brations informelles o\u00f9 les tapas seront les stars ; et bien s\u00fbr, des \u00e9v\u00e9nements o\u00f9 le bon go\u00fbt et la formalit\u00e9 sont toujours les bienvenus. \u00c0 cet \u00e9gard, pour les d\u00e9jeuners et d\u00eeners d'affaires \u00e0 Casa Isabel, nous pouvons proposer tout, du superbe menu d\u00e9gustation \u00e0 notre succulente mariscada, une s\u00e9lection fantastique de fruits de mer frais de la meilleure qualit\u00e9 qui vous fera in\u00e9vitablement vous l\u00e9cher les doigts.<\/p>\t\t\t\t\t\t\t\t<\/div>\n\t\t\t\t<\/div>\n\t\t\t\t<div class=\"elementor-element elementor-element-1397bedc elementor-mobile-align-center elementor-tablet-align-center elementor-widget elementor-widget-button\" data-id=\"1397bedc\" data-element_type=\"widget\" data-e-type=\"widget\" data-widget_type=\"button.default\">\n\t\t\t\t<div class=\"elementor-widget-container\">\n\t\t\t\t\t\t\t\t\t<div class=\"elementor-button-wrapper\">\n\t\t\t\t\t<a class=\"elementor-button elementor-button-link elementor-size-sm\" href=\"https:\/\/casaisabel.myrestoo.net\/es\/reservar\">\n\t\t\t\t\t\t<span class=\"elementor-button-content-wrapper\">\n\t\t\t\t\t\t\t\t\t<span class=\"elementor-button-text\">Livre<\/span>\n\t\t\t\t\t<\/span>\n\t\t\t\t\t<\/a>\n\t\t\t\t<\/div>\n\t\t\t\t\t\t\t\t<\/div>\n\t\t\t\t<\/div>\n\t\t\t\t\t<\/div>\n\t\t<\/div>\n\t\t\t\t<div class=\"elementor-column elementor-col-50 elementor-top-column elementor-element elementor-element-30343544\" data-id=\"30343544\" data-element_type=\"column\" data-e-type=\"column\" data-settings=\"{&quot;background_background&quot;:&quot;classic&quot;}\">\n\t\t\t<div class=\"elementor-widget-wrap elementor-element-populated\">\n\t\t\t\t\t\t<div class=\"elementor-element elementor-element-e2c74fc elementor-widget elementor-widget-image\" data-id=\"e2c74fc\" data-element_type=\"widget\" data-e-type=\"widget\" data-widget_type=\"image.default\">\n\t\t\t\t<div class=\"elementor-widget-container\">\n\t\t\t\t\t\t\t\t\t\t\t\t\t\t\t<img fetchpriority=\"high\" decoding=\"async\" width=\"1280\" height=\"1080\" src=\"https:\/\/casaisabel.es\/wp-content\/uploads\/2023\/09\/paella-playa-valencia.jpg\" class=\"attachment-full size-full wp-image-8316\" alt=\"\" srcset=\"https:\/\/casaisabel.es\/wp-content\/uploads\/2023\/09\/paella-playa-valencia.jpg 1280w, https:\/\/casaisabel.es\/wp-content\/uploads\/2023\/09\/paella-playa-valencia-600x506.jpg 600w, https:\/\/casaisabel.es\/wp-content\/uploads\/2023\/09\/paella-playa-valencia-300x253.jpg 300w, https:\/\/casaisabel.es\/wp-content\/uploads\/2023\/09\/paella-playa-valencia-1024x864.jpg 1024w, https:\/\/casaisabel.es\/wp-content\/uploads\/2023\/09\/paella-playa-valencia-768x648.jpg 768w\" sizes=\"(max-width: 1280px) 100vw, 1280px\" \/>\t\t\t\t\t\t\t\t\t\t\t\t\t\t\t<\/div>\n\t\t\t\t<\/div>\n\t\t\t\t\t<\/div>\n\t\t<\/div>\n\t\t\t\t\t<\/div>\n\t\t<\/section>\n\t\t\t\t<section class=\"elementor-section elementor-top-section elementor-element elementor-element-6a44a56 elementor-section-full_width elementor-reverse-tablet elementor-reverse-mobile elementor-section-height-default elementor-section-height-default\" data-id=\"6a44a56\" data-element_type=\"section\" data-e-type=\"section\" data-settings=\"{&quot;background_background&quot;:&quot;classic&quot;}\">\n\t\t\t\t\t\t<div class=\"elementor-container elementor-column-gap-no\">\n\t\t\t\t\t<div class=\"elementor-column elementor-col-50 elementor-top-column elementor-element elementor-element-663bb2cc\" data-id=\"663bb2cc\" data-element_type=\"column\" data-e-type=\"column\" data-settings=\"{&quot;background_background&quot;:&quot;classic&quot;}\">\n\t\t\t<div class=\"elementor-widget-wrap elementor-element-populated\">\n\t\t\t\t\t\t<div class=\"elementor-element elementor-element-7d18899f e-transform elementor-widget elementor-widget-image\" data-id=\"7d18899f\" data-element_type=\"widget\" data-e-type=\"widget\" data-settings=\"{&quot;_transform_scale_effect&quot;:{&quot;unit&quot;:&quot;px&quot;,&quot;size&quot;:&quot;&quot;,&quot;sizes&quot;:[]},&quot;_transform_scale_effect_tablet&quot;:{&quot;unit&quot;:&quot;px&quot;,&quot;size&quot;:&quot;&quot;,&quot;sizes&quot;:[]},&quot;_transform_scale_effect_mobile&quot;:{&quot;unit&quot;:&quot;px&quot;,&quot;size&quot;:&quot;&quot;,&quot;sizes&quot;:[]}}\" data-widget_type=\"image.default\">\n\t\t\t\t<div class=\"elementor-widget-container\">\n\t\t\t\t\t\t\t\t\t\t\t\t\t\t\t<img decoding=\"async\" width=\"640\" height=\"920\" src=\"https:\/\/casaisabel.es\/wp-content\/uploads\/2023\/09\/paella-playa-valencia-vistas.jpg\" class=\"attachment-full size-full wp-image-8319\" alt=\"\" srcset=\"https:\/\/casaisabel.es\/wp-content\/uploads\/2023\/09\/paella-playa-valencia-vistas.jpg 640w, https:\/\/casaisabel.es\/wp-content\/uploads\/2023\/09\/paella-playa-valencia-vistas-600x863.jpg 600w, https:\/\/casaisabel.es\/wp-content\/uploads\/2023\/09\/paella-playa-valencia-vistas-209x300.jpg 209w\" sizes=\"(max-width: 640px) 100vw, 640px\" \/>\t\t\t\t\t\t\t\t\t\t\t\t\t\t\t<\/div>\n\t\t\t\t<\/div>\n\t\t\t\t\t<\/div>\n\t\t<\/div>\n\t\t\t\t<div class=\"elementor-column elementor-col-50 elementor-top-column elementor-element elementor-element-64970021\" data-id=\"64970021\" data-element_type=\"column\" data-e-type=\"column\" data-settings=\"{&quot;background_background&quot;:&quot;classic&quot;}\">\n\t\t\t<div class=\"elementor-widget-wrap elementor-element-populated\">\n\t\t\t\t\t\t<div class=\"elementor-element elementor-element-23c55204 elementor-widget elementor-widget-heading\" data-id=\"23c55204\" data-element_type=\"widget\" data-e-type=\"widget\" data-widget_type=\"heading.default\">\n\t\t\t\t<div class=\"elementor-widget-container\">\n\t\t\t\t\t<h2 class=\"elementor-heading-title elementor-size-default\">Repas d'entreprise \u00e0 Playa Malvarrosa<\/h2>\t\t\t\t<\/div>\n\t\t\t\t<\/div>\n\t\t\t\t<div class=\"elementor-element elementor-element-54497dbb elementor-widget elementor-widget-text-editor\" data-id=\"54497dbb\" data-element_type=\"widget\" data-e-type=\"widget\" data-widget_type=\"text-editor.default\">\n\t\t\t\t<div class=\"elementor-widget-container\">\n\t\t\t\t\t\t\t\t\t<p>Notre emplacement, en plein c\u0153ur de la promenade de la plage de Malvarrosa, \u00e0 quelques m\u00e8tres de la station de m\u00e9tro El Caba\u00f1al et avec beaucoup d'espace d\u00e9di\u00e9 au stationnement des v\u00e9hicules, fait de nous une option pr\u00e9cieuse \u00e0 prendre en compte.<\/p><p>En ce qui concerne l'ambiance, que demander de plus lorsque la plage est \u00e0 seulement quelques m\u00e8tres? L'\u00e9l\u00e9gance et l'intimit\u00e9 que notre \u00e9tablissement offre en de telles occasions, associ\u00e9es \u00e0 la d\u00e9contraction et \u00e0 la fra\u00eecheur de la mer, font de nous le restaurant id\u00e9al pour c\u00e9l\u00e9brer un d\u00eener d'entreprise.<\/p><p>De plus, vous serez ravi d'apprendre qu'\u00e0 Casa Isabel, nous travaillons uniquement avec les meilleurs ingr\u00e9dients, tous issus de notre terre pour garantir le go\u00fbt authentique de Valence. Nos recettes sont, qui plus est, plus anciennes que notre propre histoire, qui a commenc\u00e9 en 1967 lorsque nous \u00e9tions simplement une guinguette install\u00e9e sur la plage chaque \u00e9t\u00e9 pour proposer les plats les plus traditionnels de Valence.<\/p><p>La qualit\u00e9, le go\u00fbt et la fra\u00eecheur de nos produits, associ\u00e9s \u00e0 l'exp\u00e9rience et \u00e0 la tradition avec lesquelles nos chefs et p\u00e2tissiers travaillent chaque jour en proposant les plats et desserts les plus d\u00e9licieux, feront que, une fois que vous nous aurez go\u00fbt\u00e9s, vous ne voudrez pas c\u00e9l\u00e9brer vos repas d'affaires ailleurs. Avec nous, le succ\u00e8s de vos r\u00e9unions professionnelles est enti\u00e8rement assur\u00e9.<\/p>\t\t\t\t\t\t\t\t<\/div>\n\t\t\t\t<\/div>\n\t\t\t\t\t<\/div>\n\t\t<\/div>\n\t\t\t\t\t<\/div>\n\t\t<\/section>\n\t\t\t\t<section class=\"elementor-section elementor-top-section elementor-element elementor-element-196d6886 elementor-section-full_width elementor-section-height-min-height elementor-section-items-stretch elementor-reverse-tablet elementor-section-height-default\" data-id=\"196d6886\" data-element_type=\"section\" data-e-type=\"section\" data-settings=\"{&quot;background_background&quot;:&quot;classic&quot;}\">\n\t\t\t\t\t\t<div class=\"elementor-container elementor-column-gap-no\">\n\t\t\t\t\t<div class=\"elementor-column elementor-col-33 elementor-top-column elementor-element elementor-element-23e18228\" data-id=\"23e18228\" data-element_type=\"column\" data-e-type=\"column\" data-settings=\"{&quot;background_background&quot;:&quot;classic&quot;}\">\n\t\t\t<div class=\"elementor-widget-wrap elementor-element-populated\">\n\t\t\t\t\t<div class=\"elementor-background-overlay\"><\/div>\n\t\t\t\t\t\t<div class=\"elementor-element elementor-element-516db413 elementor-tablet-align-center elementor-widget elementor-widget-button\" data-id=\"516db413\" data-element_type=\"widget\" data-e-type=\"widget\" data-widget_type=\"button.default\">\n\t\t\t\t<div class=\"elementor-widget-container\">\n\t\t\t\t\t\t\t\t\t<div class=\"elementor-button-wrapper\">\n\t\t\t\t\t<a class=\"elementor-button elementor-button-link elementor-size-sm\" href=\"https:\/\/casaisabel.es\/fr\/menu-casa-isabel\/\">\n\t\t\t\t\t\t<span class=\"elementor-button-content-wrapper\">\n\t\t\t\t\t\t\t\t\t<span class=\"elementor-button-text\">lettre<\/span>\n\t\t\t\t\t<\/span>\n\t\t\t\t\t<\/a>\n\t\t\t\t<\/div>\n\t\t\t\t\t\t\t\t<\/div>\n\t\t\t\t<\/div>\n\t\t\t\t\t<\/div>\n\t\t<\/div>\n\t\t\t\t<div class=\"elementor-column elementor-col-33 elementor-top-column elementor-element elementor-element-95a0525\" data-id=\"95a0525\" data-element_type=\"column\" data-e-type=\"column\" data-settings=\"{&quot;background_background&quot;:&quot;classic&quot;}\">\n\t\t\t<div class=\"elementor-widget-wrap elementor-element-populated\">\n\t\t\t\t\t<div class=\"elementor-background-overlay\"><\/div>\n\t\t\t\t\t\t<div class=\"elementor-element elementor-element-499056a0 elementor-tablet-align-center elementor-widget elementor-widget-button\" data-id=\"499056a0\" data-element_type=\"widget\" data-e-type=\"widget\" data-widget_type=\"button.default\">\n\t\t\t\t<div class=\"elementor-widget-container\">\n\t\t\t\t\t\t\t\t\t<div class=\"elementor-button-wrapper\">\n\t\t\t\t\t<a class=\"elementor-button elementor-button-link elementor-size-sm\" href=\"https:\/\/casaisabel.es\/fr\/carte-des-vins\/\">\n\t\t\t\t\t\t<span class=\"elementor-button-content-wrapper\">\n\t\t\t\t\t\t\t\t\t<span class=\"elementor-button-text\">vins<\/span>\n\t\t\t\t\t<\/span>\n\t\t\t\t\t<\/a>\n\t\t\t\t<\/div>\n\t\t\t\t\t\t\t\t<\/div>\n\t\t\t\t<\/div>\n\t\t\t\t\t<\/div>\n\t\t<\/div>\n\t\t\t\t<div class=\"elementor-column elementor-col-33 elementor-top-column elementor-element elementor-element-305dc869\" data-id=\"305dc869\" data-element_type=\"column\" data-e-type=\"column\" data-settings=\"{&quot;background_background&quot;:&quot;classic&quot;}\">\n\t\t\t<div class=\"elementor-widget-wrap elementor-element-populated\">\n\t\t\t\t\t\t<div class=\"elementor-element elementor-element-7c1119e1 elementor-widget elementor-widget-image-box\" data-id=\"7c1119e1\" data-element_type=\"widget\" data-e-type=\"widget\" data-widget_type=\"image-box.default\">\n\t\t\t\t<div class=\"elementor-widget-container\">\n\t\t\t\t\t<div class=\"elementor-image-box-wrapper\"><div class=\"elementor-image-box-content\"><span class=\"elementor-image-box-title\">MENUS <br>CASA ISABEL<\/span><p class=\"elementor-image-box-description\">Une grande vari\u00e9t\u00e9 de menus con\u00e7us pour chaque occasion, du Menu en semaine au Menu Gourmet en passant par le Menu de groupe, le Menu du d\u00eener et le Menu Select pour les \u00e9v\u00e9nements familiaux.<\/p><\/div><\/div>\t\t\t\t<\/div>\n\t\t\t\t<\/div>\n\t\t\t\t<div class=\"elementor-element elementor-element-2f08e7c elementor-tablet-align-center elementor-widget elementor-widget-button\" data-id=\"2f08e7c\" data-element_type=\"widget\" data-e-type=\"widget\" data-widget_type=\"button.default\">\n\t\t\t\t<div class=\"elementor-widget-container\">\n\t\t\t\t\t\t\t\t\t<div class=\"elementor-button-wrapper\">\n\t\t\t\t\t<a class=\"elementor-button elementor-button-link elementor-size-sm\" href=\"https:\/\/casaisabel.es\/fr\/menu\/\">\n\t\t\t\t\t\t<span class=\"elementor-button-content-wrapper\">\n\t\t\t\t\t\t\t\t\t<span class=\"elementor-button-text\">VOIR LES MENUS<\/span>\n\t\t\t\t\t<\/span>\n\t\t\t\t\t<\/a>\n\t\t\t\t<\/div>\n\t\t\t\t\t\t\t\t<\/div>\n\t\t\t\t<\/div>\n\t\t\t\t\t<\/div>\n\t\t<\/div>\n\t\t\t\t\t<\/div>\n\t\t<\/section>\n\t\t\t\t<\/div>","protected":false},"excerpt":{"rendered":"<p>Comidas de empresa en Valencia Disfruta de una Experiencia Inolvidable Si est\u00e1 pensando en organizar una\u00a0comida de empresa en Valencia\u00a0encontrar\u00e1 que el restaurante Casa Isabel es el lugar id\u00f3neo para celebrar el evento. La comida, el ambiente, la localizaci\u00f3n, el servicio, todo, absolutamente todo har\u00e1 que la reuni\u00f3n salga a pedir de boca. En primer [&hellip;]<\/p>","protected":false},"author":2,"featured_media":0,"parent":0,"menu_order":0,"comment_status":"closed","ping_status":"closed","template":"","meta":{"site-sidebar-layout":"no-sidebar","site-content-layout":"page-builder","ast-site-content-layout":"full-width-container","site-content-style":"default","site-sidebar-style":"default","ast-global-header-display":"","ast-banner-title-visibility":"","ast-main-header-display":"","ast-hfb-above-header-display":"","ast-hfb-below-header-display":"","ast-hfb-mobile-header-display":"","site-post-title":"disabled","ast-breadcrumbs-content":"","ast-featured-img":"disabled","footer-sml-layout":"","theme-transparent-header-meta":"","adv-header-id-meta":"","stick-header-meta":"","header-above-stick-meta":"","header-main-stick-meta":"","header-below-stick-meta":"","astra-migrate-meta-layouts":"set","ast-page-background-enabled":"default","ast-page-background-meta":{"desktop":{"background-color":"var(--ast-global-color-4)","background-image":"","background-repeat":"repeat","background-position":"center center","background-size":"auto","background-attachment":"scroll","background-type":"","background-media":"","overlay-type":"","overlay-color":"","overlay-opacity":"","overlay-gradient":""},"tablet":{"background-color":"","background-image":"","background-repeat":"repeat","background-position":"center center","background-size":"auto","background-attachment":"scroll","background-type":"","background-media":"","overlay-type":"","overlay-color":"","overlay-opacity":"","overlay-gradient":""},"mobile":{"background-color":"","background-image":"","background-repeat":"repeat","background-position":"center center","background-size":"auto","background-attachment":"scroll","background-type":"","background-media":"","overlay-type":"","overlay-color":"","overlay-opacity":"","overlay-gradient":""}},"ast-content-background-meta":{"desktop":{"background-color":"var(--ast-global-color-5)","background-image":"","background-repeat":"repeat","background-position":"center center","background-size":"auto","background-attachment":"scroll","background-type":"","background-media":"","overlay-type":"","overlay-color":"","overlay-opacity":"","overlay-gradient":""},"tablet":{"background-color":"var(--ast-global-color-5)","background-image":"","background-repeat":"repeat","background-position":"center center","background-size":"auto","background-attachment":"scroll","background-type":"","background-media":"","overlay-type":"","overlay-color":"","overlay-opacity":"","overlay-gradient":""},"mobile":{"background-color":"var(--ast-global-color-5)","background-image":"","background-repeat":"repeat","background-position":"center center","background-size":"auto","background-attachment":"scroll","background-type":"","background-media":"","overlay-type":"","overlay-color":"","overlay-opacity":"","overlay-gradient":""}},"footnotes":""},"class_list":["post-8273","page","type-page","status-publish","hentry"],"yoast_head":"<!-- This site is optimized with the Yoast SEO plugin v25.6 - https:\/\/yoast.com\/wordpress\/plugins\/seo\/ -->\n<title>Comidas de Empresa en Valencia - Restaurante Casa Isabel<\/title>\n<meta name=\"description\" content=\"Organiza comidas de empresa en nuestro Restaurante Casa Isabel, en primera l\u00ednea de mar en la playa de la Malvarrosa (Valencia) \u00a1Reserva ahora!\" \/>\n<meta name=\"robots\" content=\"index, follow, max-snippet:-1, max-image-preview:large, max-video-preview:-1\" \/>\n<link rel=\"canonical\" href=\"https:\/\/casaisabel.es\/fr\/repas-entreprise-valence\/\" \/>\n<meta property=\"og:locale\" content=\"fr_FR\" \/>\n<meta property=\"og:type\" content=\"article\" \/>\n<meta property=\"og:title\" content=\"Comidas de Empresa en Valencia - Restaurante Casa Isabel\" \/>\n<meta property=\"og:description\" content=\"Organiza comidas de empresa en nuestro Restaurante Casa Isabel, en primera l\u00ednea de mar en la playa de la Malvarrosa (Valencia) \u00a1Reserva ahora!\" \/>\n<meta property=\"og:url\" content=\"https:\/\/casaisabel.es\/fr\/repas-entreprise-valence\/\" \/>\n<meta property=\"og:site_name\" content=\"Casa Isabel\" \/>\n<meta property=\"article:modified_time\" content=\"2023-11-16T23:58:28+00:00\" \/>\n<meta property=\"og:image\" content=\"https:\/\/casaisabel.es\/wp-content\/uploads\/2023\/09\/paella-playa-valencia.jpg\" \/>\n<meta name=\"twitter:card\" content=\"summary_large_image\" \/>\n<meta name=\"twitter:label1\" content=\"Dur\u00e9e de lecture estim\u00e9e\" \/>\n\t<meta name=\"twitter:data1\" content=\"3 minutes\" \/>\n<script type=\"application\/ld+json\" class=\"yoast-schema-graph\">{\"@context\":\"https:\/\/schema.org\",\"@graph\":[{\"@type\":\"WebPage\",\"@id\":\"https:\/\/casaisabel.es\/comidas-empresa-valencia\/\",\"url\":\"https:\/\/casaisabel.es\/comidas-empresa-valencia\/\",\"name\":\"Comidas de Empresa en Valencia - Restaurante Casa Isabel\",\"isPartOf\":{\"@id\":\"https:\/\/casaisabel.es\/#website\"},\"primaryImageOfPage\":{\"@id\":\"https:\/\/casaisabel.es\/comidas-empresa-valencia\/#primaryimage\"},\"image\":{\"@id\":\"https:\/\/casaisabel.es\/comidas-empresa-valencia\/#primaryimage\"},\"thumbnailUrl\":\"https:\/\/casaisabel.es\/wp-content\/uploads\/2023\/09\/paella-playa-valencia.jpg\",\"datePublished\":\"2023-09-28T09:08:47+00:00\",\"dateModified\":\"2023-11-16T23:58:28+00:00\",\"description\":\"Organiza comidas de empresa en nuestro Restaurante Casa Isabel, en primera l\u00ednea de mar en la playa de la Malvarrosa (Valencia) \u00a1Reserva ahora!\",\"breadcrumb\":{\"@id\":\"https:\/\/casaisabel.es\/comidas-empresa-valencia\/#breadcrumb\"},\"inLanguage\":\"fr-FR\",\"potentialAction\":[{\"@type\":\"ReadAction\",\"target\":[\"https:\/\/casaisabel.es\/comidas-empresa-valencia\/\"]}]},{\"@type\":\"ImageObject\",\"inLanguage\":\"fr-FR\",\"@id\":\"https:\/\/casaisabel.es\/comidas-empresa-valencia\/#primaryimage\",\"url\":\"https:\/\/casaisabel.es\/wp-content\/uploads\/2023\/09\/paella-playa-valencia.jpg\",\"contentUrl\":\"https:\/\/casaisabel.es\/wp-content\/uploads\/2023\/09\/paella-playa-valencia.jpg\"},{\"@type\":\"BreadcrumbList\",\"@id\":\"https:\/\/casaisabel.es\/comidas-empresa-valencia\/#breadcrumb\",\"itemListElement\":[{\"@type\":\"ListItem\",\"position\":1,\"name\":\"Portada\",\"item\":\"https:\/\/casaisabel.es\/\"},{\"@type\":\"ListItem\",\"position\":2,\"name\":\"Comidas Empresa\"}]},{\"@type\":\"WebSite\",\"@id\":\"https:\/\/casaisabel.es\/#website\",\"url\":\"https:\/\/casaisabel.es\/\",\"name\":\"Casa Isabel\",\"description\":\"S\u00f3lo otro sitio de WordPress\",\"publisher\":{\"@id\":\"https:\/\/casaisabel.es\/#organization\"},\"potentialAction\":[{\"@type\":\"SearchAction\",\"target\":{\"@type\":\"EntryPoint\",\"urlTemplate\":\"https:\/\/casaisabel.es\/?s={search_term_string}\"},\"query-input\":{\"@type\":\"PropertyValueSpecification\",\"valueRequired\":true,\"valueName\":\"search_term_string\"}}],\"inLanguage\":\"fr-FR\"},{\"@type\":\"Organization\",\"@id\":\"https:\/\/casaisabel.es\/#organization\",\"name\":\"Casa Isabel\",\"url\":\"https:\/\/casaisabel.es\/\",\"logo\":{\"@type\":\"ImageObject\",\"inLanguage\":\"fr-FR\",\"@id\":\"https:\/\/casaisabel.es\/#\/schema\/logo\/image\/\",\"url\":\"https:\/\/casaisabel.es\/wp-content\/uploads\/2023\/09\/casaIsabel.svg\",\"contentUrl\":\"https:\/\/casaisabel.es\/wp-content\/uploads\/2023\/09\/casaIsabel.svg\",\"width\":211,\"height\":49,\"caption\":\"Casa Isabel\"},\"image\":{\"@id\":\"https:\/\/casaisabel.es\/#\/schema\/logo\/image\/\"}}]}<\/script>\n<!-- \/ Yoast SEO plugin. -->","yoast_head_json":{"title":"Repas d'entreprise \u00e0 Valence - Restaurant Casa Isabel","description":"Organisez des repas d'affaires dans notre restaurant Casa Isabel, en bord de mer \u00e0 la plage de Malvarrosa \u00e0 Valence. R\u00e9servez maintenant!","robots":{"index":"index","follow":"follow","max-snippet":"max-snippet:-1","max-image-preview":"max-image-preview:large","max-video-preview":"max-video-preview:-1"},"canonical":"https:\/\/casaisabel.es\/fr\/repas-entreprise-valence\/","og_locale":"fr_FR","og_type":"article","og_title":"Comidas de Empresa en Valencia - Restaurante Casa Isabel","og_description":"Organiza comidas de empresa en nuestro Restaurante Casa Isabel, en primera l\u00ednea de mar en la playa de la Malvarrosa (Valencia) \u00a1Reserva ahora!","og_url":"https:\/\/casaisabel.es\/fr\/repas-entreprise-valence\/","og_site_name":"Casa Isabel","article_modified_time":"2023-11-16T23:58:28+00:00","og_image":[{"url":"https:\/\/casaisabel.es\/wp-content\/uploads\/2023\/09\/paella-playa-valencia.jpg","type":"","width":"","height":""}],"twitter_card":"summary_large_image","twitter_misc":{"Dur\u00e9e de lecture estim\u00e9e":"3 minutes"},"schema":{"@context":"https:\/\/schema.org","@graph":[{"@type":"WebPage","@id":"https:\/\/casaisabel.es\/comidas-empresa-valencia\/","url":"https:\/\/casaisabel.es\/comidas-empresa-valencia\/","name":"Repas d'entreprise \u00e0 Valence - Restaurant Casa Isabel","isPartOf":{"@id":"https:\/\/casaisabel.es\/#website"},"primaryImageOfPage":{"@id":"https:\/\/casaisabel.es\/comidas-empresa-valencia\/#primaryimage"},"image":{"@id":"https:\/\/casaisabel.es\/comidas-empresa-valencia\/#primaryimage"},"thumbnailUrl":"https:\/\/casaisabel.es\/wp-content\/uploads\/2023\/09\/paella-playa-valencia.jpg","datePublished":"2023-09-28T09:08:47+00:00","dateModified":"2023-11-16T23:58:28+00:00","description":"Organisez des repas d'affaires dans notre restaurant Casa Isabel, en bord de mer \u00e0 la plage de Malvarrosa \u00e0 Valence. R\u00e9servez maintenant!","breadcrumb":{"@id":"https:\/\/casaisabel.es\/comidas-empresa-valencia\/#breadcrumb"},"inLanguage":"fr-FR","potentialAction":[{"@type":"ReadAction","target":["https:\/\/casaisabel.es\/comidas-empresa-valencia\/"]}]},{"@type":"ImageObject","inLanguage":"fr-FR","@id":"https:\/\/casaisabel.es\/comidas-empresa-valencia\/#primaryimage","url":"https:\/\/casaisabel.es\/wp-content\/uploads\/2023\/09\/paella-playa-valencia.jpg","contentUrl":"https:\/\/casaisabel.es\/wp-content\/uploads\/2023\/09\/paella-playa-valencia.jpg"},{"@type":"BreadcrumbList","@id":"https:\/\/casaisabel.es\/comidas-empresa-valencia\/#breadcrumb","itemListElement":[{"@type":"ListItem","position":1,"name":"Portada","item":"https:\/\/casaisabel.es\/"},{"@type":"ListItem","position":2,"name":"Comidas Empresa"}]},{"@type":"WebSite","@id":"https:\/\/casaisabel.es\/#website","url":"https:\/\/casaisabel.es\/","name":"Casa Isabel","description":"S\u00f3lo otro sitio de WordPress","publisher":{"@id":"https:\/\/casaisabel.es\/#organization"},"potentialAction":[{"@type":"SearchAction","target":{"@type":"EntryPoint","urlTemplate":"https:\/\/casaisabel.es\/?s={search_term_string}"},"query-input":{"@type":"PropertyValueSpecification","valueRequired":true,"valueName":"search_term_string"}}],"inLanguage":"fr-FR"},{"@type":"Organization","@id":"https:\/\/casaisabel.es\/#organization","name":"Casa Isabel","url":"https:\/\/casaisabel.es\/","logo":{"@type":"ImageObject","inLanguage":"fr-FR","@id":"https:\/\/casaisabel.es\/#\/schema\/logo\/image\/","url":"https:\/\/casaisabel.es\/wp-content\/uploads\/2023\/09\/casaIsabel.svg","contentUrl":"https:\/\/casaisabel.es\/wp-content\/uploads\/2023\/09\/casaIsabel.svg","width":211,"height":49,"caption":"Casa Isabel"},"image":{"@id":"https:\/\/casaisabel.es\/#\/schema\/logo\/image\/"}}]}},"_links":{"self":[{"href":"https:\/\/casaisabel.es\/fr\/wp-json\/wp\/v2\/pages\/8273","targetHints":{"allow":["GET"]}}],"collection":[{"href":"https:\/\/casaisabel.es\/fr\/wp-json\/wp\/v2\/pages"}],"about":[{"href":"https:\/\/casaisabel.es\/fr\/wp-json\/wp\/v2\/types\/page"}],"author":[{"embeddable":true,"href":"https:\/\/casaisabel.es\/fr\/wp-json\/wp\/v2\/users\/2"}],"replies":[{"embeddable":true,"href":"https:\/\/casaisabel.es\/fr\/wp-json\/wp\/v2\/comments?post=8273"}],"version-history":[{"count":0,"href":"https:\/\/casaisabel.es\/fr\/wp-json\/wp\/v2\/pages\/8273\/revisions"}],"wp:attachment":[{"href":"https:\/\/casaisabel.es\/fr\/wp-json\/wp\/v2\/media?parent=8273"}],"curies":[{"name":"wp","href":"https:\/\/api.w.org\/{rel}","templated":true}]}}